{"id":8195,"date":"2022-02-02T09:42:37","date_gmt":"2022-02-02T14:42:37","guid":{"rendered":"https:\/\/bjmedia.yourdevsite.ca\/reseau411\/?post_type=portfolio&#038;p=8195"},"modified":"2026-02-06T08:47:52","modified_gmt":"2026-02-06T13:47:52","slug":"les-alarmes-aspirateurs-repentigny","status":"publish","type":"portfolio","link":"https:\/\/reseau411.ca\/les-alarmes-aspirateurs-repentigny\/","title":{"rendered":"Les Alarmes-Aspirateurs Repentigny"},"content":{"rendered":"\n<p><\/p>\n\n\n\n<figure class=\"wp-block-image size-full\"><img fetchpriority=\"high\" decoding=\"async\" width=\"500\" height=\"612\" src=\"https:\/\/reseau411.ca\/wp-content\/uploads\/2023\/02\/8195_AD.jpg\" alt=\"\" class=\"wp-image-15305\" srcset=\"https:\/\/reseau411.ca\/wp-content\/uploads\/2023\/02\/8195_AD.jpg 500w, https:\/\/reseau411.ca\/wp-content\/uploads\/2023\/02\/8195_AD-245x300.jpg 245w\" sizes=\"(max-width: 500px) 100vw, 500px\" \/><\/figure>\n\n\n\n<p><\/p>\n\n\n\n<h2 class=\"wp-block-heading\">Heures d&#8217;ouverture<\/h2>\n\n\n\n<figure class=\"wp-block-table\"><table><tbody><tr><td>Lundi<\/td><td>9h00 &#8211; 17h30<\/td><td>Vendredi<\/td><td>9h00 &#8211; 15h00<\/td><\/tr><tr><td>Mardi<\/td><td>9h00 &#8211; 17h30<\/td><td>Samedi<\/td><td>Ferm\u00e9<\/td><\/tr><tr><td>Mercredi<\/td><td>9h00 &#8211; 17h30<\/td><td>Dimanche<\/td><td>Ferm\u00e9<\/td><\/tr><tr><td>Jeudi<\/td><td>9h00 &#8211; 17h30<\/td><\/tr><\/tbody><\/table><\/figure>\n\n\n\n<h1 class=\"wp-block-heading\">Services <\/h1>\n\n\n\n<div class=\"wp-block-columns is-layout-flex wp-container-core-columns-is-layout-9d6595d7 wp-block-columns-is-layout-flex\">\n<div class=\"wp-block-column is-layout-flow wp-block-column-is-layout-flow\">\n<ul class=\"wp-block-list\">\n<li>Vente<\/li>\n\n\n\n<li>Installation<\/li>\n\n\n\n<li>R\u00e9paration<\/li>\n\n\n\n<li>Aspirateurs compacts<\/li>\n\n\n\n<li>Aspirateurs haute performance<\/li>\n\n\n\n<li>Aspirateurs extra performance<\/li>\n\n\n\n<li>Aspirateurs commerciaux<\/li>\n\n\n\n<li>Aspirateur Central et portatif<\/li>\n<\/ul>\n<\/div>\n\n\n\n<div class=\"wp-block-column is-layout-flow wp-block-column-is-layout-flow\">\n<ul class=\"wp-block-list\">\n<li>Boyau r\u00e9tractable<\/li>\n\n\n\n<li>Syst\u00e8me d&#8217;alarme et installation<\/li>\n\n\n\n<li>Centrale de surveillance<\/li>\n\n\n\n<li>Cam\u00e9ra de surveillance avec installation<\/li>\n\n\n\n<li>Purificateur d&#8217;air<\/li>\n\n\n\n<li>Extincteur<\/li>\n\n\n\n<li>Produits nettoyants<\/li>\n<\/ul>\n<\/div>\n<\/div>\n\n\n\n<h1 class=\"wp-block-heading\">Sp\u00e9cialit\u00e9s <\/h1>\n\n\n\n<div class=\"wp-block-columns is-layout-flex wp-container-core-columns-is-layout-9d6595d7 wp-block-columns-is-layout-flex\">\n<div class=\"wp-block-column is-layout-flow wp-block-column-is-layout-flow\">\n<ul class=\"wp-block-list\">\n<li>Installation<\/li>\n\n\n\n<li>Syst\u00e8me d&#8217;alarme<\/li>\n\n\n\n<li>Extincteur<\/li>\n\n\n\n<li>Cam\u00e9ras de surveillance<\/li>\n\n\n\n<li>Aspirateur Central<\/li>\n\n\n\n<li>Aspirateurs<\/li>\n\n\n\n<li>Aspirateur portatif<\/li>\n\n\n\n<li>Aspirateur cyclovac<\/li>\n<\/ul>\n<\/div>\n\n\n\n<div class=\"wp-block-column is-layout-flow wp-block-column-is-layout-flow\">\n<ul class=\"wp-block-list\">\n<li>Centrale de surveillance<\/li>\n\n\n\n<li>Syst\u00e8me de boyau r\u00e9tractable Retraflex<\/li>\n\n\n\n<li>Accessoires aspirateurs CYCLO VAC<\/li>\n\n\n\n<li>Wally Flex<\/li>\n\n\n\n<li>Porte-poussi\u00e8re automatique<\/li>\n\n\n\n<li>Balais \u00e0 tapis<\/li>\n\n\n\n<li>Recouvre-boyaux<\/li>\n<\/ul>\n<\/div>\n<\/div>\n\n\n\n<h2 class=\"wp-block-heading\">Modes de paiement accept\u00e9s <\/h2>\n\n\n\n<div class=\"wp-block-columns is-layout-flex wp-container-core-columns-is-layout-9d6595d7 wp-block-columns-is-layout-flex\">\n<div class=\"wp-block-column is-layout-flow wp-block-column-is-layout-flow\">\n<ul class=\"wp-block-list\">\n<li>Visa<\/li>\n\n\n\n<li>Mastercard<\/li>\n\n\n\n<li>Interac<\/li>\n<\/ul>\n<\/div>\n\n\n\n<div class=\"wp-block-column is-layout-flow wp-block-column-is-layout-flow\">\n<ul class=\"wp-block-list\">\n<li>Ch\u00e8que<\/li>\n\n\n\n<li>Comptant<\/li>\n<\/ul>\n<\/div>\n<\/div>\n\n\n\n<h2 class=\"wp-block-heading\">Marques <\/h2>\n\n\n\n<div class=\"wp-block-columns is-layout-flex wp-container-core-columns-is-layout-9d6595d7 wp-block-columns-is-layout-flex\">\n<div class=\"wp-block-column is-layout-flow wp-block-column-is-layout-flow\">\n<ul class=\"wp-block-list\">\n<li>Aspirateur Cyclo vac<\/li>\n<\/ul>\n<\/div>\n\n\n\n<div class=\"wp-block-column is-layout-flow wp-block-column-is-layout-flow\">\n<ul class=\"wp-block-list\">\n<li>Produits Bio de marque Pur\u00e9<\/li>\n<\/ul>\n<\/div>\n<\/div>\n\n\n\n<h2 class=\"wp-block-heading\">Profil d&#8217;entreprise<\/h2>\n\n\n\n<p><a href=\"https:\/\/www.alarmesetaspirateursrepentigny.com\/\" target=\"_blank\" rel=\"noreferrer noopener\">Les Alarmes-Aspirateurs Repentigny <\/a> vous offrent des appareils puissants pour veiller \u00e0 la propret\u00e9 de votre domicile, de vos bureaux, de votre lave-auto, de votre restaurant et bien d\u2019autres depuis 1986. Vous en avez de passer l&#8217;aspirateur? Simplifiez-vous la vie en vous dotant d\u2019un nouvel aspirateur central pour votre r\u00e9sidence, vos bureaux ou votre espace industriel.<\/p>\n\n\n\n<p>Nos aspirateurs neufs b\u00e9n\u00e9ficient de garanties compl\u00e8tes allant de 5 \u00e0 15 ans. Que vous choisissiez un aspirateur compact pour le condo ou un appareil ultra performant pour votre entreprise, vous aurez donc l\u2019esprit tranquille. De plus, nous offrons l\u2019installation de votre nouvel aspirateur, ainsi que la r\u00e9paration de toutes les marques.<\/p>\n\n\n\n<p>En mati\u00e8re de vente, d&#8217;installation et de r\u00e9paration d&#8217;aspirateurs Cyclo Vac, nous sommes vos experts.<\/p>\n\n\n\n<p>Contactez-nous : 450-654-4663<\/p>\n\n\n\n<p><a href=\"https:\/\/www.alarmesetaspirateursrepentigny.com\/\" target=\"_blank\" rel=\"noreferrer noopener\">www.alarmesetaspirateursrepentigny.com<\/a><\/p>\n\n\n\n<p>Suivez-nous sur <a href=\"https:\/\/www.facebook.com\/alarmesrepentigny\/\" target=\"_blank\" rel=\"noreferrer noopener\">Facebook<\/a><\/p>\n\n\n\n<p>&#8211;<\/p>\n\n\n\n<p><em>Aspirateurs et alarmes : Montr\u00e9al Est, Montr\u00e9al Nord, Villeray\/Rosemont, Anjou\/St-L\u00e9onard, Laval, Repentigny, Terrebonne<\/em>, <em>Lanaudi\u00e8re, Laurentides<\/em><\/p>\n\n\n\n<p><\/p>\n","protected":false},"excerpt":{"rendered":"<p>305-B, rue Notre-Dame Repentigny <a href=\"tel:+1450-654-4663\">450-654-4663<\/a><\/p>\n","protected":false},"author":2,"featured_media":10078,"menu_order":-1,"comment_status":"open","ping_status":"open","template":"entreprise-template.php","portfolio_category":[43,64,773,65,68,69,70,79,93,124],"portfolio_tag":[146,163],"class_list":["post-8195","portfolio","type-portfolio","status-publish","has-post-thumbnail","hentry","portfolio_category-anjou-st-leonard-secteur","portfolio_category-lanaudiere-nord-secteur","portfolio_category-laurentides-secteur","portfolio_category-laval-secteur","portfolio_category-montreal-secteur","portfolio_category-montreal-est-pointe-aux-trembles-secteur","portfolio_category-montreal-nord-riviere-des-prairies-secteur","portfolio_category-repentigny-secteur","portfolio_category-terrebonne-secteur","portfolio_category-villeray-rosemont-secteur","portfolio_tag-alarme-rubrique","portfolio_tag-aspirateurs-rubrique"],"acf":[],"yoast_head":"<!-- This site is optimized with the Yoast SEO plugin v27.2 - https:\/\/yoast.com\/product\/yoast-seo-wordpress\/ -->\n<title>Aspirateurs et Syst\u00e8mes d&#039;alarme - Les Alarmes-Aspirateurs Repentigny<\/title>\n<meta name=\"description\" content=\"Les Alarmes-Aspirateurs Repentigny vous offrent des aspirateurs centraux portatifs et des syst\u00e8mes d&#039;alarme \u00e0 Repentigny, Terrebonne et Laval. 450-654-4663\" \/>\n<meta name=\"robots\" content=\"index, follow, max-snippet:-1, max-image-preview:large, max-video-preview:-1\" \/>\n<link rel=\"canonical\" href=\"https:\/\/reseau411.ca\/en\/les-alarmes-aspirateurs-repentigny\/\" \/>\n<meta property=\"og:locale\" content=\"en_US\" \/>\n<meta property=\"og:type\" content=\"article\" \/>\n<meta property=\"og:title\" content=\"Aspirateurs et Syst\u00e8mes d&#039;alarme - Les Alarmes-Aspirateurs Repentigny\" \/>\n<meta property=\"og:description\" content=\"Les Alarmes-Aspirateurs Repentigny vous offrent des aspirateurs centraux portatifs et des syst\u00e8mes d&#039;alarme \u00e0 Repentigny, Terrebonne et Laval. 450-654-4663\" \/>\n<meta property=\"og:url\" content=\"https:\/\/reseau411.ca\/les-alarmes-aspirateurs-repentigny\/\" \/>\n<meta property=\"og:site_name\" content=\"Reseau411\" \/>\n<meta property=\"article:modified_time\" content=\"2026-02-06T13:47:52+00:00\" \/>\n<meta property=\"og:image\" content=\"https:\/\/reseau411.ca\/wp-content\/uploads\/les-alarmes-repentigny-inc-logo-opt.png\" \/>\n\t<meta property=\"og:image:width\" content=\"250\" \/>\n\t<meta property=\"og:image:height\" content=\"100\" \/>\n\t<meta property=\"og:image:type\" content=\"image\/png\" \/>\n<meta name=\"twitter:card\" content=\"summary_large_image\" \/>\n<meta name=\"twitter:label1\" content=\"Est. reading time\" \/>\n\t<meta name=\"twitter:data1\" content=\"2 minutes\" \/>\n<script type=\"application\/ld+json\" class=\"yoast-schema-graph\">{\"@context\":\"https:\/\/schema.org\",\"@graph\":[{\"@type\":\"WebPage\",\"@id\":\"https:\/\/reseau411.ca\/les-alarmes-aspirateurs-repentigny\/\",\"url\":\"https:\/\/reseau411.ca\/les-alarmes-aspirateurs-repentigny\/\",\"name\":\"Aspirateurs et Syst\u00e8mes d'alarme - Les Alarmes-Aspirateurs Repentigny\",\"isPartOf\":{\"@id\":\"https:\/\/reseau411.ca\/en\/#website\"},\"primaryImageOfPage\":{\"@id\":\"https:\/\/reseau411.ca\/les-alarmes-aspirateurs-repentigny\/#primaryimage\"},\"image\":{\"@id\":\"https:\/\/reseau411.ca\/les-alarmes-aspirateurs-repentigny\/#primaryimage\"},\"thumbnailUrl\":\"https:\/\/reseau411.ca\/wp-content\/uploads\/les-alarmes-repentigny-inc-logo-opt.png\",\"datePublished\":\"2022-02-02T14:42:37+00:00\",\"dateModified\":\"2026-02-06T13:47:52+00:00\",\"description\":\"Les Alarmes-Aspirateurs Repentigny vous offrent des aspirateurs centraux portatifs et des syst\u00e8mes d'alarme \u00e0 Repentigny, Terrebonne et Laval. 450-654-4663\",\"breadcrumb\":{\"@id\":\"https:\/\/reseau411.ca\/les-alarmes-aspirateurs-repentigny\/#breadcrumb\"},\"inLanguage\":\"en-CA\",\"potentialAction\":[{\"@type\":\"ReadAction\",\"target\":[\"https:\/\/reseau411.ca\/les-alarmes-aspirateurs-repentigny\/\"]}]},{\"@type\":\"ImageObject\",\"inLanguage\":\"en-CA\",\"@id\":\"https:\/\/reseau411.ca\/les-alarmes-aspirateurs-repentigny\/#primaryimage\",\"url\":\"https:\/\/reseau411.ca\/wp-content\/uploads\/les-alarmes-repentigny-inc-logo-opt.png\",\"contentUrl\":\"https:\/\/reseau411.ca\/wp-content\/uploads\/les-alarmes-repentigny-inc-logo-opt.png\",\"width\":250,\"height\":100,\"caption\":\"Les Alarmes Repentigny inc.\"},{\"@type\":\"BreadcrumbList\",\"@id\":\"https:\/\/reseau411.ca\/les-alarmes-aspirateurs-repentigny\/#breadcrumb\",\"itemListElement\":[{\"@type\":\"ListItem\",\"position\":1,\"name\":\"Accueil\",\"item\":\"https:\/\/reseau411.ca\/en\/\"},{\"@type\":\"ListItem\",\"position\":2,\"name\":\"Entreprises\",\"item\":\"https:\/\/reseau411.ca\/en\/portfolio\/\"},{\"@type\":\"ListItem\",\"position\":3,\"name\":\"Les Alarmes-Aspirateurs Repentigny\"}]},{\"@type\":\"WebSite\",\"@id\":\"https:\/\/reseau411.ca\/en\/#website\",\"url\":\"https:\/\/reseau411.ca\/en\/\",\"name\":\"Reseau411\",\"description\":\"Votre r\u00e9pertoire d&#039; entreprises locales depuis plus de 15ans\",\"publisher\":{\"@id\":\"https:\/\/reseau411.ca\/en\/#organization\"},\"potentialAction\":[{\"@type\":\"SearchAction\",\"target\":{\"@type\":\"EntryPoint\",\"urlTemplate\":\"https:\/\/reseau411.ca\/en\/?s={search_term_string}\"},\"query-input\":{\"@type\":\"PropertyValueSpecification\",\"valueRequired\":true,\"valueName\":\"search_term_string\"}}],\"inLanguage\":\"en-CA\"},{\"@type\":\"Organization\",\"@id\":\"https:\/\/reseau411.ca\/en\/#organization\",\"name\":\"Reseau411\",\"url\":\"https:\/\/reseau411.ca\/en\/\",\"logo\":{\"@type\":\"ImageObject\",\"inLanguage\":\"en-CA\",\"@id\":\"https:\/\/reseau411.ca\/en\/#\/schema\/logo\/image\/\",\"url\":\"https:\/\/reseau411.ca\/wp-content\/uploads\/logo-reseau411-homepage.png\",\"contentUrl\":\"https:\/\/reseau411.ca\/wp-content\/uploads\/logo-reseau411-homepage.png\",\"width\":442,\"height\":67,\"caption\":\"Reseau411\"},\"image\":{\"@id\":\"https:\/\/reseau411.ca\/en\/#\/schema\/logo\/image\/\"}}]}<\/script>\n<!-- \/ Yoast SEO plugin. -->","yoast_head_json":{"title":"Aspirateurs et Syst\u00e8mes d'alarme - Les Alarmes-Aspirateurs Repentigny","description":"Les Alarmes-Aspirateurs Repentigny vous offrent des aspirateurs centraux portatifs et des syst\u00e8mes d'alarme \u00e0 Repentigny, Terrebonne et Laval. 450-654-4663","robots":{"index":"index","follow":"follow","max-snippet":"max-snippet:-1","max-image-preview":"max-image-preview:large","max-video-preview":"max-video-preview:-1"},"canonical":"https:\/\/reseau411.ca\/en\/les-alarmes-aspirateurs-repentigny\/","og_locale":"en_US","og_type":"article","og_title":"Aspirateurs et Syst\u00e8mes d'alarme - Les Alarmes-Aspirateurs Repentigny","og_description":"Les Alarmes-Aspirateurs Repentigny vous offrent des aspirateurs centraux portatifs et des syst\u00e8mes d'alarme \u00e0 Repentigny, Terrebonne et Laval. 450-654-4663","og_url":"https:\/\/reseau411.ca\/les-alarmes-aspirateurs-repentigny\/","og_site_name":"Reseau411","article_modified_time":"2026-02-06T13:47:52+00:00","og_image":[{"width":250,"height":100,"url":"https:\/\/reseau411.ca\/wp-content\/uploads\/les-alarmes-repentigny-inc-logo-opt.png","type":"image\/png"}],"twitter_card":"summary_large_image","twitter_misc":{"Est. reading time":"2 minutes"},"schema":{"@context":"https:\/\/schema.org","@graph":[{"@type":"WebPage","@id":"https:\/\/reseau411.ca\/les-alarmes-aspirateurs-repentigny\/","url":"https:\/\/reseau411.ca\/les-alarmes-aspirateurs-repentigny\/","name":"Aspirateurs et Syst\u00e8mes d'alarme - Les Alarmes-Aspirateurs Repentigny","isPartOf":{"@id":"https:\/\/reseau411.ca\/en\/#website"},"primaryImageOfPage":{"@id":"https:\/\/reseau411.ca\/les-alarmes-aspirateurs-repentigny\/#primaryimage"},"image":{"@id":"https:\/\/reseau411.ca\/les-alarmes-aspirateurs-repentigny\/#primaryimage"},"thumbnailUrl":"https:\/\/reseau411.ca\/wp-content\/uploads\/les-alarmes-repentigny-inc-logo-opt.png","datePublished":"2022-02-02T14:42:37+00:00","dateModified":"2026-02-06T13:47:52+00:00","description":"Les Alarmes-Aspirateurs Repentigny vous offrent des aspirateurs centraux portatifs et des syst\u00e8mes d'alarme \u00e0 Repentigny, Terrebonne et Laval. 450-654-4663","breadcrumb":{"@id":"https:\/\/reseau411.ca\/les-alarmes-aspirateurs-repentigny\/#breadcrumb"},"inLanguage":"en-CA","potentialAction":[{"@type":"ReadAction","target":["https:\/\/reseau411.ca\/les-alarmes-aspirateurs-repentigny\/"]}]},{"@type":"ImageObject","inLanguage":"en-CA","@id":"https:\/\/reseau411.ca\/les-alarmes-aspirateurs-repentigny\/#primaryimage","url":"https:\/\/reseau411.ca\/wp-content\/uploads\/les-alarmes-repentigny-inc-logo-opt.png","contentUrl":"https:\/\/reseau411.ca\/wp-content\/uploads\/les-alarmes-repentigny-inc-logo-opt.png","width":250,"height":100,"caption":"Les Alarmes Repentigny inc."},{"@type":"BreadcrumbList","@id":"https:\/\/reseau411.ca\/les-alarmes-aspirateurs-repentigny\/#breadcrumb","itemListElement":[{"@type":"ListItem","position":1,"name":"Accueil","item":"https:\/\/reseau411.ca\/en\/"},{"@type":"ListItem","position":2,"name":"Entreprises","item":"https:\/\/reseau411.ca\/en\/portfolio\/"},{"@type":"ListItem","position":3,"name":"Les Alarmes-Aspirateurs Repentigny"}]},{"@type":"WebSite","@id":"https:\/\/reseau411.ca\/en\/#website","url":"https:\/\/reseau411.ca\/en\/","name":"Reseau411","description":"Votre r\u00e9pertoire d&#039; entreprises locales depuis plus de 15ans","publisher":{"@id":"https:\/\/reseau411.ca\/en\/#organization"},"potentialAction":[{"@type":"SearchAction","target":{"@type":"EntryPoint","urlTemplate":"https:\/\/reseau411.ca\/en\/?s={search_term_string}"},"query-input":{"@type":"PropertyValueSpecification","valueRequired":true,"valueName":"search_term_string"}}],"inLanguage":"en-CA"},{"@type":"Organization","@id":"https:\/\/reseau411.ca\/en\/#organization","name":"Reseau411","url":"https:\/\/reseau411.ca\/en\/","logo":{"@type":"ImageObject","inLanguage":"en-CA","@id":"https:\/\/reseau411.ca\/en\/#\/schema\/logo\/image\/","url":"https:\/\/reseau411.ca\/wp-content\/uploads\/logo-reseau411-homepage.png","contentUrl":"https:\/\/reseau411.ca\/wp-content\/uploads\/logo-reseau411-homepage.png","width":442,"height":67,"caption":"Reseau411"},"image":{"@id":"https:\/\/reseau411.ca\/en\/#\/schema\/logo\/image\/"}}]}},"_links":{"self":[{"href":"https:\/\/reseau411.ca\/en\/wp-json\/wp\/v2\/portfolio\/8195","targetHints":{"allow":["GET"]}}],"collection":[{"href":"https:\/\/reseau411.ca\/en\/wp-json\/wp\/v2\/portfolio"}],"about":[{"href":"https:\/\/reseau411.ca\/en\/wp-json\/wp\/v2\/types\/portfolio"}],"author":[{"embeddable":true,"href":"https:\/\/reseau411.ca\/en\/wp-json\/wp\/v2\/users\/2"}],"replies":[{"embeddable":true,"href":"https:\/\/reseau411.ca\/en\/wp-json\/wp\/v2\/comments?post=8195"}],"version-history":[{"count":14,"href":"https:\/\/reseau411.ca\/en\/wp-json\/wp\/v2\/portfolio\/8195\/revisions"}],"predecessor-version":[{"id":20684,"href":"https:\/\/reseau411.ca\/en\/wp-json\/wp\/v2\/portfolio\/8195\/revisions\/20684"}],"wp:featuredmedia":[{"embeddable":true,"href":"https:\/\/reseau411.ca\/en\/wp-json\/wp\/v2\/media\/10078"}],"wp:attachment":[{"href":"https:\/\/reseau411.ca\/en\/wp-json\/wp\/v2\/media?parent=8195"}],"wp:term":[{"taxonomy":"portfolio_category","embeddable":true,"href":"https:\/\/reseau411.ca\/en\/wp-json\/wp\/v2\/portfolio_category?post=8195"},{"taxonomy":"portfolio_tag","embeddable":true,"href":"https:\/\/reseau411.ca\/en\/wp-json\/wp\/v2\/portfolio_tag?post=8195"}],"curies":[{"name":"wp","href":"https:\/\/api.w.org\/{rel}","templated":true}]}}